{"id":172,"date":"2024-11-21T09:52:38","date_gmt":"2024-11-21T08:52:38","guid":{"rendered":"https:\/\/openspacemy.pl\/?page_id=172"},"modified":"2024-11-21T09:58:59","modified_gmt":"2024-11-21T08:58:59","slug":"ogrod-balsamiczny-i","status":"publish","type":"page","link":"https:\/\/openspacemy.pl\/index.php\/ogrod-balsamiczny-i\/","title":{"rendered":"OGR\u00d3D BALSAMICZNY I"},"content":{"rendered":"\n<p>Projekt kierowany do seniorek i senior\u00f3w z klubu seniora w Tychach. Po rozmowie z przedstawicielkami grupy przygotowa\u0142y\u015bmy program warsztat\u00f3w w temacie zi\u00f3\u0142, kt\u00f3ry \u0142\u0105czy praktyczn\u0105 wiedz\u0119 o zio\u0142ach, wiedz\u0119 kulturow\u0105 oraz prac\u0119 kreatywn\u0105, aby odpowiedzie\u0107 na zainteresowania grupy. Temat zwi\u0105zany z zio\u0142ami oferuje du\u017c\u0105 przestrze\u0144 dla integracji, poznania nowych informacji praktycznych o zdrowych sposobach leczenia, podzielenia si\u0119 swoj\u0105 wiedz\u0105, jak i mo\u017cliwo\u015b\u0107 pracy kreatywnej i estetycznej. Aby odpowiedzie\u0107 na potrzeb\u0119 aktywizacji seniorek i senior\u00f3w program dzia\u0142a interdyscyplinarnie \u0142\u0105cz\u0105c warsztaty fitoterapii, refleksologii, wyk\u0142ad teoretyczny o zio\u0142ach w literaturze oraz warsztaty literacko-artystyczne.<\/p>\n\n\n\n<p>Zrealizowane spotkania:<\/p>\n\n\n\n<p>I. Refleksologia i Spacer Zio\u0142owy.<\/p>\n\n\n\n<p>Do tego spotkania zaprosi\u0142y\u015bmy biolo\u017ck\u0119 Natali\u0119 Zdrza\u0142ek z Ogrodu Botanicznego w Miko\u0142owie oraz Izabel\u0119 Baron Zalewsk\u0105 &#8211; ekspertk\u0119 refleksologii. Podczas warsztatu osoby uczestnicz\u0105ce pozna\u0142y praktyczn\u0105 wiedz\u0119 o zio\u0142ach, kt\u00f3re mo\u017cna znale\u017a\u0107 w najbli\u017cszej okolicy jesieni\u0105 oraz podstawy refleksologii d\u0142oni. <\/p>\n\n\n\n<p>II. Wyk\u0142ad o zio\u0142ach w literaturze oraz warsztaty literacko-artystyczne.<\/p>\n\n\n\n<p>Wyk\u0142ad przeprowadzony przez dr Edyt\u0119 Nieduziak, koncentrowa\u0142 si\u0119 wok\u00f3\u0142 kulturowych przedstawie\u0144 zi\u00f3\u0142\u00a0 w historii literatury np. w tw\u00f3rczo\u015bci Shakespeare\u2019a. W drugiej cz\u0119\u015bci spotkania odby\u0142y si\u0119 warsztaty literacko-artystyczne inspirowane wyk\u0142adem, kt\u00f3rych wa\u017cn\u0105 cz\u0119\u015bci\u0105 b\u0119dzie integracja grupy oraz wprowadzenia dzia\u0142a\u0144 humorystycznych, tworzenie ilustrowanych dowcip\u00f3w i dzielenie si\u0119 zabawnymi opowie\u015bciami z przesz\u0142o\u015bci w temacie zdrowia, zi\u00f3\u0142 i ro\u015blin.<\/p>\n\n\n\n<p>III. Spotkanie artystyczne przy fili\u017cankach zio\u0142owych.<\/p>\n\n\n\n<p>Podczas spotkania osoby uczestnicz\u0105ce korzysta\u0142y z wiedzy zdobytej podczas poprzednich warsztat\u00f3w. W odpowiedzi na kreatywne zadania powsta\u0142y alternatywne wiersze i opowie\u015bci o zio\u0142ach.<\/p>\n\n\n\n<figure class=\"is-layout-flex wp-block-gallery-1 wp-block-gallery has-nested-images columns-default is-cropped\">\n<figure class=\"wp-block-image size-large\"><img decoding=\"async\" loading=\"lazy\" width=\"683\" height=\"1024\" data-id=\"173\"  src=\"https:\/\/openspacemy.pl\/wp-content\/uploads\/2024\/11\/24muzeum_miejskie_tychy_ogrod_balsamiczny_spacer-ziolowy_22.10.2023_fot_artur_plawski-683x1024.jpg\" alt=\"\" class=\"wp-image-173\" srcset=\"https:\/\/openspacemy.pl\/wp-content\/uploads\/2024\/11\/24muzeum_miejskie_tychy_ogrod_balsamiczny_spacer-ziolowy_22.10.2023_fot_artur_plawski-683x1024.jpg 683w, https:\/\/openspacemy.pl\/wp-content\/uploads\/2024\/11\/24muzeum_miejskie_tychy_ogrod_balsamiczny_spacer-ziolowy_22.10.2023_fot_artur_plawski-200x300.jpg 200w, https:\/\/openspacemy.pl\/wp-content\/uploads\/2024\/11\/24muzeum_miejskie_tychy_ogrod_balsamiczny_spacer-ziolowy_22.10.2023_fot_artur_plawski-768x1152.jpg 768w, https:\/\/openspacemy.pl\/wp-content\/uploads\/2024\/11\/24muzeum_miejskie_tychy_ogrod_balsamiczny_spacer-ziolowy_22.10.2023_fot_artur_plawski-1024x1536.jpg 1024w, https:\/\/openspacemy.pl\/wp-content\/uploads\/2024\/11\/24muzeum_miejskie_tychy_ogrod_balsamiczny_spacer-ziolowy_22.10.2023_fot_artur_plawski-1365x2048.jpg 1365w, https:\/\/openspacemy.pl\/wp-content\/uploads\/2024\/11\/24muzeum_miejskie_tychy_ogrod_balsamiczny_spacer-ziolowy_22.10.2023_fot_artur_plawski-scaled.jpg 1707w\" sizes=\"(max-width: 683px) 100vw, 683px\" \/><\/figure>\n\n\n\n<figure class=\"wp-block-image size-large\"><img decoding=\"async\" loading=\"lazy\" width=\"683\" height=\"1024\" data-id=\"174\"  src=\"https:\/\/openspacemy.pl\/wp-content\/uploads\/2024\/11\/25muzeum_miejskie_tychy_ogrod_balsamiczny_spacer-ziolowy_22.10.2023_fot_artur_plawski-683x1024.jpg\" alt=\"\" class=\"wp-image-174\" srcset=\"https:\/\/openspacemy.pl\/wp-content\/uploads\/2024\/11\/25muzeum_miejskie_tychy_ogrod_balsamiczny_spacer-ziolowy_22.10.2023_fot_artur_plawski-683x1024.jpg 683w, https:\/\/openspacemy.pl\/wp-content\/uploads\/2024\/11\/25muzeum_miejskie_tychy_ogrod_balsamiczny_spacer-ziolowy_22.10.2023_fot_artur_plawski-200x300.jpg 200w, https:\/\/openspacemy.pl\/wp-content\/uploads\/2024\/11\/25muzeum_miejskie_tychy_ogrod_balsamiczny_spacer-ziolowy_22.10.2023_fot_artur_plawski-768x1152.jpg 768w, https:\/\/openspacemy.pl\/wp-content\/uploads\/2024\/11\/25muzeum_miejskie_tychy_ogrod_balsamiczny_spacer-ziolowy_22.10.2023_fot_artur_plawski-1024x1536.jpg 1024w, https:\/\/openspacemy.pl\/wp-content\/uploads\/2024\/11\/25muzeum_miejskie_tychy_ogrod_balsamiczny_spacer-ziolowy_22.10.2023_fot_artur_plawski-1365x2048.jpg 1365w, https:\/\/openspacemy.pl\/wp-content\/uploads\/2024\/11\/25muzeum_miejskie_tychy_ogrod_balsamiczny_spacer-ziolowy_22.10.2023_fot_artur_plawski-scaled.jpg 1707w\" sizes=\"(max-width: 683px) 100vw, 683px\" \/><\/figure>\n\n\n\n<figure class=\"wp-block-image size-large\"><img decoding=\"async\" loading=\"lazy\" width=\"683\" height=\"1024\" data-id=\"175\"  src=\"https:\/\/openspacemy.pl\/wp-content\/uploads\/2024\/11\/26muzeum_miejskie_tychy_ogrod_balsamiczny_spacer-ziolowy_22.10.2023_fot_artur_plawski-683x1024.jpg\" alt=\"\" class=\"wp-image-175\" srcset=\"https:\/\/openspacemy.pl\/wp-content\/uploads\/2024\/11\/26muzeum_miejskie_tychy_ogrod_balsamiczny_spacer-ziolowy_22.10.2023_fot_artur_plawski-683x1024.jpg 683w, https:\/\/openspacemy.pl\/wp-content\/uploads\/2024\/11\/26muzeum_miejskie_tychy_ogrod_balsamiczny_spacer-ziolowy_22.10.2023_fot_artur_plawski-200x300.jpg 200w, https:\/\/openspacemy.pl\/wp-content\/uploads\/2024\/11\/26muzeum_miejskie_tychy_ogrod_balsamiczny_spacer-ziolowy_22.10.2023_fot_artur_plawski-768x1152.jpg 768w, https:\/\/openspacemy.pl\/wp-content\/uploads\/2024\/11\/26muzeum_miejskie_tychy_ogrod_balsamiczny_spacer-ziolowy_22.10.2023_fot_artur_plawski-1024x1536.jpg 1024w, https:\/\/openspacemy.pl\/wp-content\/uploads\/2024\/11\/26muzeum_miejskie_tychy_ogrod_balsamiczny_spacer-ziolowy_22.10.2023_fot_artur_plawski-1365x2048.jpg 1365w, https:\/\/openspacemy.pl\/wp-content\/uploads\/2024\/11\/26muzeum_miejskie_tychy_ogrod_balsamiczny_spacer-ziolowy_22.10.2023_fot_artur_plawski-scaled.jpg 1707w\" sizes=\"(max-width: 683px) 100vw, 683px\" \/><\/figure>\n\n\n\n<figure class=\"wp-block-image size-large\"><img decoding=\"async\" loading=\"lazy\" width=\"683\" height=\"1024\" data-id=\"176\"  src=\"https:\/\/openspacemy.pl\/wp-content\/uploads\/2024\/11\/40muzeum_miejskie_tychy_ogrod_balsamiczny_spacer-ziolowy_22.10.2023_fot_artur_plawski-683x1024.jpg\" alt=\"\" class=\"wp-image-176\" srcset=\"https:\/\/openspacemy.pl\/wp-content\/uploads\/2024\/11\/40muzeum_miejskie_tychy_ogrod_balsamiczny_spacer-ziolowy_22.10.2023_fot_artur_plawski-683x1024.jpg 683w, https:\/\/openspacemy.pl\/wp-content\/uploads\/2024\/11\/40muzeum_miejskie_tychy_ogrod_balsamiczny_spacer-ziolowy_22.10.2023_fot_artur_plawski-200x300.jpg 200w, https:\/\/openspacemy.pl\/wp-content\/uploads\/2024\/11\/40muzeum_miejskie_tychy_ogrod_balsamiczny_spacer-ziolowy_22.10.2023_fot_artur_plawski-768x1152.jpg 768w, https:\/\/openspacemy.pl\/wp-content\/uploads\/2024\/11\/40muzeum_miejskie_tychy_ogrod_balsamiczny_spacer-ziolowy_22.10.2023_fot_artur_plawski-1024x1536.jpg 1024w, https:\/\/openspacemy.pl\/wp-content\/uploads\/2024\/11\/40muzeum_miejskie_tychy_ogrod_balsamiczny_spacer-ziolowy_22.10.2023_fot_artur_plawski-1365x2048.jpg 1365w, https:\/\/openspacemy.pl\/wp-content\/uploads\/2024\/11\/40muzeum_miejskie_tychy_ogrod_balsamiczny_spacer-ziolowy_22.10.2023_fot_artur_plawski-scaled.jpg 1707w\" sizes=\"(max-width: 683px) 100vw, 683px\" \/><\/figure>\n\n\n\n<figure class=\"wp-block-image size-large\"><img decoding=\"async\" loading=\"lazy\" width=\"683\" height=\"1024\" data-id=\"177\"  src=\"https:\/\/openspacemy.pl\/wp-content\/uploads\/2024\/11\/43muzeum_miejskie_tychy_ogrod_balsamiczny_spacer-ziolowy_22.10.2023_fot_artur_plawski-683x1024.jpg\" alt=\"\" class=\"wp-image-177\" srcset=\"https:\/\/openspacemy.pl\/wp-content\/uploads\/2024\/11\/43muzeum_miejskie_tychy_ogrod_balsamiczny_spacer-ziolowy_22.10.2023_fot_artur_plawski-683x1024.jpg 683w, https:\/\/openspacemy.pl\/wp-content\/uploads\/2024\/11\/43muzeum_miejskie_tychy_ogrod_balsamiczny_spacer-ziolowy_22.10.2023_fot_artur_plawski-200x300.jpg 200w, https:\/\/openspacemy.pl\/wp-content\/uploads\/2024\/11\/43muzeum_miejskie_tychy_ogrod_balsamiczny_spacer-ziolowy_22.10.2023_fot_artur_plawski-768x1152.jpg 768w, https:\/\/openspacemy.pl\/wp-content\/uploads\/2024\/11\/43muzeum_miejskie_tychy_ogrod_balsamiczny_spacer-ziolowy_22.10.2023_fot_artur_plawski-1024x1536.jpg 1024w, https:\/\/openspacemy.pl\/wp-content\/uploads\/2024\/11\/43muzeum_miejskie_tychy_ogrod_balsamiczny_spacer-ziolowy_22.10.2023_fot_artur_plawski-1365x2048.jpg 1365w, https:\/\/openspacemy.pl\/wp-content\/uploads\/2024\/11\/43muzeum_miejskie_tychy_ogrod_balsamiczny_spacer-ziolowy_22.10.2023_fot_artur_plawski-scaled.jpg 1707w\" sizes=\"(max-width: 683px) 100vw, 683px\" \/><\/figure>\n\n\n\n<figure class=\"wp-block-image size-large\"><img decoding=\"async\" loading=\"lazy\" width=\"1024\" height=\"683\" data-id=\"178\"  src=\"https:\/\/openspacemy.pl\/wp-content\/uploads\/2024\/11\/48muzeum_miejskie_tychy_ogrod_balsamiczny_spacer-ziolowy_22.10.2023_fot_artur_plawski-1024x683.jpg\" alt=\"\" class=\"wp-image-178\" srcset=\"https:\/\/openspacemy.pl\/wp-content\/uploads\/2024\/11\/48muzeum_miejskie_tychy_ogrod_balsamiczny_spacer-ziolowy_22.10.2023_fot_artur_plawski-1024x683.jpg 1024w, https:\/\/openspacemy.pl\/wp-content\/uploads\/2024\/11\/48muzeum_miejskie_tychy_ogrod_balsamiczny_spacer-ziolowy_22.10.2023_fot_artur_plawski-300x200.jpg 300w, https:\/\/openspacemy.pl\/wp-content\/uploads\/2024\/11\/48muzeum_miejskie_tychy_ogrod_balsamiczny_spacer-ziolowy_22.10.2023_fot_artur_plawski-768x512.jpg 768w, https:\/\/openspacemy.pl\/wp-content\/uploads\/2024\/11\/48muzeum_miejskie_tychy_ogrod_balsamiczny_spacer-ziolowy_22.10.2023_fot_artur_plawski-1536x1024.jpg 1536w, https:\/\/openspacemy.pl\/wp-content\/uploads\/2024\/11\/48muzeum_miejskie_tychy_ogrod_balsamiczny_spacer-ziolowy_22.10.2023_fot_artur_plawski-2048x1365.jpg 2048w\" sizes=\"(max-width: 1024px) 100vw, 1024px\" \/><\/figure>\n\n\n\n<figure class=\"wp-block-image size-large\"><img decoding=\"async\" loading=\"lazy\" width=\"683\" height=\"1024\" data-id=\"179\"  src=\"https:\/\/openspacemy.pl\/wp-content\/uploads\/2024\/11\/03muzeum_miejskie_tychy_ogrod_balsamiczny_spacer-ziolowy_22.10.2023_fot_artur_plawski-683x1024.jpg\" alt=\"\" class=\"wp-image-179\" srcset=\"https:\/\/openspacemy.pl\/wp-content\/uploads\/2024\/11\/03muzeum_miejskie_tychy_ogrod_balsamiczny_spacer-ziolowy_22.10.2023_fot_artur_plawski-683x1024.jpg 683w, https:\/\/openspacemy.pl\/wp-content\/uploads\/2024\/11\/03muzeum_miejskie_tychy_ogrod_balsamiczny_spacer-ziolowy_22.10.2023_fot_artur_plawski-200x300.jpg 200w, https:\/\/openspacemy.pl\/wp-content\/uploads\/2024\/11\/03muzeum_miejskie_tychy_ogrod_balsamiczny_spacer-ziolowy_22.10.2023_fot_artur_plawski-768x1152.jpg 768w, https:\/\/openspacemy.pl\/wp-content\/uploads\/2024\/11\/03muzeum_miejskie_tychy_ogrod_balsamiczny_spacer-ziolowy_22.10.2023_fot_artur_plawski-1024x1536.jpg 1024w, https:\/\/openspacemy.pl\/wp-content\/uploads\/2024\/11\/03muzeum_miejskie_tychy_ogrod_balsamiczny_spacer-ziolowy_22.10.2023_fot_artur_plawski-1365x2048.jpg 1365w, https:\/\/openspacemy.pl\/wp-content\/uploads\/2024\/11\/03muzeum_miejskie_tychy_ogrod_balsamiczny_spacer-ziolowy_22.10.2023_fot_artur_plawski-scaled.jpg 1707w\" sizes=\"(max-width: 683px) 100vw, 683px\" \/><\/figure>\n\n\n\n<figure class=\"wp-block-image size-large\"><img decoding=\"async\" loading=\"lazy\" width=\"683\" height=\"1024\" data-id=\"180\"  src=\"https:\/\/openspacemy.pl\/wp-content\/uploads\/2024\/11\/05muzeum_miejskie_tychy_ogrod_balsamiczny_spacer-ziolowy_22.10.2023_fot_artur_plawski-683x1024.jpg\" alt=\"\" class=\"wp-image-180\" srcset=\"https:\/\/openspacemy.pl\/wp-content\/uploads\/2024\/11\/05muzeum_miejskie_tychy_ogrod_balsamiczny_spacer-ziolowy_22.10.2023_fot_artur_plawski-683x1024.jpg 683w, https:\/\/openspacemy.pl\/wp-content\/uploads\/2024\/11\/05muzeum_miejskie_tychy_ogrod_balsamiczny_spacer-ziolowy_22.10.2023_fot_artur_plawski-200x300.jpg 200w, https:\/\/openspacemy.pl\/wp-content\/uploads\/2024\/11\/05muzeum_miejskie_tychy_ogrod_balsamiczny_spacer-ziolowy_22.10.2023_fot_artur_plawski-768x1152.jpg 768w, https:\/\/openspacemy.pl\/wp-content\/uploads\/2024\/11\/05muzeum_miejskie_tychy_ogrod_balsamiczny_spacer-ziolowy_22.10.2023_fot_artur_plawski-1024x1536.jpg 1024w, https:\/\/openspacemy.pl\/wp-content\/uploads\/2024\/11\/05muzeum_miejskie_tychy_ogrod_balsamiczny_spacer-ziolowy_22.10.2023_fot_artur_plawski-1365x2048.jpg 1365w, https:\/\/openspacemy.pl\/wp-content\/uploads\/2024\/11\/05muzeum_miejskie_tychy_ogrod_balsamiczny_spacer-ziolowy_22.10.2023_fot_artur_plawski-scaled.jpg 1707w\" sizes=\"(max-width: 683px) 100vw, 683px\" \/><\/figure>\n\n\n\n<figure class=\"wp-block-image size-large\"><img decoding=\"async\" loading=\"lazy\" width=\"1024\" height=\"683\" data-id=\"181\"  src=\"https:\/\/openspacemy.pl\/wp-content\/uploads\/2024\/11\/06muzeum_miejskie_tychy_ogrod_balsamiczny_spacer-ziolowy_22.10.2023_fot_artur_plawski-1024x683.jpg\" alt=\"\" class=\"wp-image-181\" srcset=\"https:\/\/openspacemy.pl\/wp-content\/uploads\/2024\/11\/06muzeum_miejskie_tychy_ogrod_balsamiczny_spacer-ziolowy_22.10.2023_fot_artur_plawski-1024x683.jpg 1024w, https:\/\/openspacemy.pl\/wp-content\/uploads\/2024\/11\/06muzeum_miejskie_tychy_ogrod_balsamiczny_spacer-ziolowy_22.10.2023_fot_artur_plawski-300x200.jpg 300w, https:\/\/openspacemy.pl\/wp-content\/uploads\/2024\/11\/06muzeum_miejskie_tychy_ogrod_balsamiczny_spacer-ziolowy_22.10.2023_fot_artur_plawski-768x512.jpg 768w, https:\/\/openspacemy.pl\/wp-content\/uploads\/2024\/11\/06muzeum_miejskie_tychy_ogrod_balsamiczny_spacer-ziolowy_22.10.2023_fot_artur_plawski-1536x1024.jpg 1536w, https:\/\/openspacemy.pl\/wp-content\/uploads\/2024\/11\/06muzeum_miejskie_tychy_ogrod_balsamiczny_spacer-ziolowy_22.10.2023_fot_artur_plawski-2048x1365.jpg 2048w\" sizes=\"(max-width: 1024px) 100vw, 1024px\" \/><\/figure>\n\n\n\n<figure class=\"wp-block-image size-large\"><img decoding=\"async\" loading=\"lazy\" width=\"683\" height=\"1024\" data-id=\"182\"  src=\"https:\/\/openspacemy.pl\/wp-content\/uploads\/2024\/11\/10muzeum_miejskie_tychy_ogrod_balsamiczny_spacer-ziolowy_22.10.2023_fot_artur_plawski-683x1024.jpg\" alt=\"\" class=\"wp-image-182\" srcset=\"https:\/\/openspacemy.pl\/wp-content\/uploads\/2024\/11\/10muzeum_miejskie_tychy_ogrod_balsamiczny_spacer-ziolowy_22.10.2023_fot_artur_plawski-683x1024.jpg 683w, https:\/\/openspacemy.pl\/wp-content\/uploads\/2024\/11\/10muzeum_miejskie_tychy_ogrod_balsamiczny_spacer-ziolowy_22.10.2023_fot_artur_plawski-200x300.jpg 200w, https:\/\/openspacemy.pl\/wp-content\/uploads\/2024\/11\/10muzeum_miejskie_tychy_ogrod_balsamiczny_spacer-ziolowy_22.10.2023_fot_artur_plawski-768x1152.jpg 768w, https:\/\/openspacemy.pl\/wp-content\/uploads\/2024\/11\/10muzeum_miejskie_tychy_ogrod_balsamiczny_spacer-ziolowy_22.10.2023_fot_artur_plawski-1024x1536.jpg 1024w, https:\/\/openspacemy.pl\/wp-content\/uploads\/2024\/11\/10muzeum_miejskie_tychy_ogrod_balsamiczny_spacer-ziolowy_22.10.2023_fot_artur_plawski-1365x2048.jpg 1365w, https:\/\/openspacemy.pl\/wp-content\/uploads\/2024\/11\/10muzeum_miejskie_tychy_ogrod_balsamiczny_spacer-ziolowy_22.10.2023_fot_artur_plawski-scaled.jpg 1707w\" sizes=\"(max-width: 683px) 100vw, 683px\" \/><\/figure>\n\n\n\n<figure class=\"wp-block-image size-large\"><img decoding=\"async\" loading=\"lazy\" width=\"683\" height=\"1024\" data-id=\"183\"  src=\"https:\/\/openspacemy.pl\/wp-content\/uploads\/2024\/11\/13muzeum_miejskie_tychy_ogrod_balsamiczny_spacer-ziolowy_22.10.2023_fot_artur_plawski-683x1024.jpg\" alt=\"\" class=\"wp-image-183\" srcset=\"https:\/\/openspacemy.pl\/wp-content\/uploads\/2024\/11\/13muzeum_miejskie_tychy_ogrod_balsamiczny_spacer-ziolowy_22.10.2023_fot_artur_plawski-683x1024.jpg 683w, https:\/\/openspacemy.pl\/wp-content\/uploads\/2024\/11\/13muzeum_miejskie_tychy_ogrod_balsamiczny_spacer-ziolowy_22.10.2023_fot_artur_plawski-200x300.jpg 200w, https:\/\/openspacemy.pl\/wp-content\/uploads\/2024\/11\/13muzeum_miejskie_tychy_ogrod_balsamiczny_spacer-ziolowy_22.10.2023_fot_artur_plawski-768x1152.jpg 768w, https:\/\/openspacemy.pl\/wp-content\/uploads\/2024\/11\/13muzeum_miejskie_tychy_ogrod_balsamiczny_spacer-ziolowy_22.10.2023_fot_artur_plawski-1024x1536.jpg 1024w, https:\/\/openspacemy.pl\/wp-content\/uploads\/2024\/11\/13muzeum_miejskie_tychy_ogrod_balsamiczny_spacer-ziolowy_22.10.2023_fot_artur_plawski-1365x2048.jpg 1365w, https:\/\/openspacemy.pl\/wp-content\/uploads\/2024\/11\/13muzeum_miejskie_tychy_ogrod_balsamiczny_spacer-ziolowy_22.10.2023_fot_artur_plawski-scaled.jpg 1707w\" sizes=\"(max-width: 683px) 100vw, 683px\" \/><\/figure>\n\n\n\n<figure class=\"wp-block-image size-large\"><img decoding=\"async\" loading=\"lazy\" width=\"683\" height=\"1024\" data-id=\"184\"  src=\"https:\/\/openspacemy.pl\/wp-content\/uploads\/2024\/11\/16muzeum_miejskie_tychy_ogrod_balsamiczny_spacer-ziolowy_22.10.2023_fot_artur_plawski-683x1024.jpg\" alt=\"\" class=\"wp-image-184\" srcset=\"https:\/\/openspacemy.pl\/wp-content\/uploads\/2024\/11\/16muzeum_miejskie_tychy_ogrod_balsamiczny_spacer-ziolowy_22.10.2023_fot_artur_plawski-683x1024.jpg 683w, https:\/\/openspacemy.pl\/wp-content\/uploads\/2024\/11\/16muzeum_miejskie_tychy_ogrod_balsamiczny_spacer-ziolowy_22.10.2023_fot_artur_plawski-200x300.jpg 200w, https:\/\/openspacemy.pl\/wp-content\/uploads\/2024\/11\/16muzeum_miejskie_tychy_ogrod_balsamiczny_spacer-ziolowy_22.10.2023_fot_artur_plawski-768x1152.jpg 768w, https:\/\/openspacemy.pl\/wp-content\/uploads\/2024\/11\/16muzeum_miejskie_tychy_ogrod_balsamiczny_spacer-ziolowy_22.10.2023_fot_artur_plawski-1024x1536.jpg 1024w, https:\/\/openspacemy.pl\/wp-content\/uploads\/2024\/11\/16muzeum_miejskie_tychy_ogrod_balsamiczny_spacer-ziolowy_22.10.2023_fot_artur_plawski-1366x2048.jpg 1366w, https:\/\/openspacemy.pl\/wp-content\/uploads\/2024\/11\/16muzeum_miejskie_tychy_ogrod_balsamiczny_spacer-ziolowy_22.10.2023_fot_artur_plawski-scaled.jpg 1707w\" sizes=\"(max-width: 683px) 100vw, 683px\" \/><\/figure>\n<\/figure>\n","protected":false},"excerpt":{"rendered":"<p>Projekt kierowany do seniorek i senior\u00f3w z klubu seniora w Tychach. Po rozmowie z przedstawicielkami grupy przygotowa\u0142y\u015bmy program warsztat\u00f3w w temacie zi\u00f3\u0142, kt\u00f3ry \u0142\u0105czy praktyczn\u0105 wiedz\u0119 o zio\u0142ach, wiedz\u0119 kulturow\u0105 oraz prac\u0119 kreatywn\u0105, aby odpowiedzie\u0107 na zainteresowania grupy. Temat zwi\u0105zany z zio\u0142ami oferuje du\u017c\u0105 przestrze\u0144 dla integracji, poznania nowych informacji praktycznych o zdrowych sposobach leczenia, [&hellip;]<\/p>\n","protected":false},"author":1,"featured_media":0,"parent":0,"menu_order":0,"comment_status":"closed","ping_status":"closed","template":"","meta":[],"_links":{"self":[{"href":"https:\/\/openspacemy.pl\/index.php\/wp-json\/wp\/v2\/pages\/172"}],"collection":[{"href":"https:\/\/openspacemy.pl\/index.php\/wp-json\/wp\/v2\/pages"}],"about":[{"href":"https:\/\/openspacemy.pl\/index.php\/wp-json\/wp\/v2\/types\/page"}],"author":[{"embeddable":true,"href":"https:\/\/openspacemy.pl\/index.php\/wp-json\/wp\/v2\/users\/1"}],"replies":[{"embeddable":true,"href":"https:\/\/openspacemy.pl\/index.php\/wp-json\/wp\/v2\/comments?post=172"}],"version-history":[{"count":1,"href":"https:\/\/openspacemy.pl\/index.php\/wp-json\/wp\/v2\/pages\/172\/revisions"}],"predecessor-version":[{"id":185,"href":"https:\/\/openspacemy.pl\/index.php\/wp-json\/wp\/v2\/pages\/172\/revisions\/185"}],"wp:attachment":[{"href":"https:\/\/openspacemy.pl\/index.php\/wp-json\/wp\/v2\/media?parent=172"}],"curies":[{"name":"wp","href":"https:\/\/api.w.org\/{rel}","templated":true}]}}